{"id":32,"date":"2013-04-26T14:38:16","date_gmt":"2013-04-26T14:38:16","guid":{"rendered":"http:\/\/keramik.sibylle-ritter.de\/?page_id=32"},"modified":"2026-02-28T20:22:56","modified_gmt":"2026-02-28T20:22:56","slug":"aktuell","status":"publish","type":"page","link":"https:\/\/sibylle-ritter.com\/?page_id=32","title":{"rendered":"Exhibitions and events"},"content":{"rendered":"\n<p><\/p>\n\n\n\n<p><\/p>\n\n\n\n<h3 class=\"wp-block-heading\">Events 2026<\/h3>\n\n\n\n<p>Workshop Transferdruck auf Ton<br \/>03. &#8211; 05.07.2026<br \/>WERKGUT in Meezen<br \/><a href=\"Https:\/\/www.werkgut.eu\/workshops\">Https:\/\/www.werkgut.eu\/workshops<\/a><\/p>\n\n\n\n<p><\/p>\n\n\n\n<p><\/p>\n\n\n\n<div data-wp-interactive=\"core\/file\" class=\"wp-block-file\"><object data-wp-bind--hidden=\"!state.hasPdfPreview\" hidden class=\"wp-block-file__embed\" data=\"https:\/\/sibylle-ritter.com\/wp-content\/uploads\/2025\/12\/Drucken-auf-Ton-Januar-2025-1.pdf\" type=\"application\/pdf\" style=\"width:100%;height:600px\" aria-label=\"Einbettung von Drucken auf Ton Januar 2025.\"><\/object><a id=\"wp-block-file--media-b99f2eb8-82e9-486d-b4c9-c3b923d58bf5\" href=\"https:\/\/sibylle-ritter.com\/wp-content\/uploads\/2025\/12\/Drucken-auf-Ton-Januar-2025-1.pdf\">Drucken auf Ton Januar 2025<\/a><a href=\"https:\/\/sibylle-ritter.com\/wp-content\/uploads\/2025\/12\/Drucken-auf-Ton-Januar-2025-1.pdf\" class=\"wp-block-file__button wp-element-button\" download aria-describedby=\"wp-block-file--media-b99f2eb8-82e9-486d-b4c9-c3b923d58bf5\">Herunterladen<\/a><\/div>\n\n\n\n<p><\/p>\n\n\n\n<p><\/p>\n\n\n\n<h4 class=\"wp-block-heading\">PAST EVENTS 2025<\/h4>\n\n\n\n<p><\/p>\n\n\n\n<p><mark style=\"background-color:rgba(0, 0, 0, 0)\" class=\"has-inline-color has-accent-3-color\"><strong>GRASSIMESSE 24 &#8211; 26 Oktober 2025<\/strong><\/mark><br \/>LEIPZIG Grassimuseum<br \/><\/p>\n\n\n\n<p><mark style=\"background-color:rgba(0, 0, 0, 0)\" class=\"has-inline-color has-accent-3-color\"><strong>HANDGEWANDT 10 &#8211; 12 Oktober 2025<\/strong><\/mark><br \/>Wasserschlosss Bad Rappenau<br \/><br \/><\/p>\n\n\n\n<p><\/p>\n\n\n\n<p><\/p>\n\n\n\n<h3 class=\"wp-block-heading\">Past events 2024           <\/h3>\n\n\n\n<h5 class=\"wp-block-heading\"><mark style=\"background-color:rgba(0, 0, 0, 0);color:#e83461\" class=\"has-inline-color\"><strong>Presentation and introduction of TRISTAN AND ISOLDE<\/strong><\/mark><br \/>On the 22nd of december at 4 pm I invite you to come to TerreTouch\u00e9e<br \/>I will introduce to you my new concept of stoneware cups which are solid, smart and poetic.<br \/>Let me tell you about this avantgarde creation that might be your <br \/>future company in daily life.<br \/>Le dimanche, le 22 d\u00e9cembre \u00e0 16 heures je suis ravie de vous pr\u00e9senter une nouvelle g\u00e9n\u00e9ration des tasses.<\/h5>\n\n\n\n<figure class=\"wp-block-gallery has-nested-images columns-default is-cropped wp-block-gallery-1 is-layout-flex wp-block-gallery-is-layout-flex\">\n<figure class=\"wp-block-image size-full is-style-default\"><a href=\"https:\/\/sibylle-ritter.com\/wp-content\/uploads\/2024\/10\/LATASSE-pas-de-deux.jpg\"><img loading=\"lazy\" decoding=\"async\" width=\"800\" height=\"600\" data-id=\"3112\" src=\"https:\/\/sibylle-ritter.com\/wp-content\/uploads\/2024\/10\/LATASSE-pas-de-deux.jpg\" alt=\"\" class=\"wp-image-3112\" srcset=\"https:\/\/sibylle-ritter.com\/wp-content\/uploads\/2024\/10\/LATASSE-pas-de-deux.jpg 800w, https:\/\/sibylle-ritter.com\/wp-content\/uploads\/2024\/10\/LATASSE-pas-de-deux-600x450.jpg 600w, https:\/\/sibylle-ritter.com\/wp-content\/uploads\/2024\/10\/LATASSE-pas-de-deux-300x225.jpg 300w, https:\/\/sibylle-ritter.com\/wp-content\/uploads\/2024\/10\/LATASSE-pas-de-deux-768x576.jpg 768w, https:\/\/sibylle-ritter.com\/wp-content\/uploads\/2024\/10\/LATASSE-pas-de-deux-250x188.jpg 250w\" sizes=\"auto, (max-width: 800px) 100vw, 800px\" \/><\/a><\/figure>\n<\/figure>\n\n\n\n<p><\/p>\n\n\n\n<p><\/p>\n\n\n\n<ul class=\"wp-block-list\">\n<li><mark style=\"background-color:rgba(0, 0, 0, 0);color:#f24973\" class=\"has-inline-color\">Exposition \u00e0 Dijon, dans la Chapelle des \u00c9lus, <\/mark><\/li>\n\n\n\n<li><mark style=\"background-color:rgba(0, 0, 0, 0);color:#f24973\" class=\"has-inline-color\">11 rue des Forges<\/mark><\/li>\n\n\n\n<li>Du 01 novembre au 30 d\u00e9cembre 2024 <\/li>\n\n\n\n<li>Une inauguration n`avait pas lieu, mais je vous invite \u00e0<\/li>\n\n\n\n<li>un rendez-vous le samedi 07 d\u00e9cembre \u00e0 11 heures.<\/li>\n\n\n\n<li><\/li>\n\n\n\n<li><mark style=\"background-color:rgba(0, 0, 0, 0);color:#f1416d\" class=\"has-inline-color\">Exhibition in the city of Dijon, in &#8222;La Chapelle des \u00c9lus&#8220;<\/mark><\/li>\n\n\n\n<li>The opening of this exhibition could not take place because <\/li>\n\n\n\n<li>the responsible person was not available. Therefore I invite you <\/li>\n\n\n\n<li>to a coming together on the 7th of December at 11 am.<\/li>\n\n\n\n<li><\/li>\n\n\n\n<li><a href=\"https:\/\/destinationdijon.com\/agenda\/chapelle-des-elus-exposition-sibylle-ritter\/\"><strong>https:\/\/destinationdijon.com\/agenda\/chapelle-des-elus-exposition-sibylle-ritter\/<\/strong><\/a><\/li>\n<\/ul>\n\n\n\n<figure class=\"wp-block-image size-full is-resized\"><a href=\"https:\/\/sibylle-ritter.com\/wp-content\/uploads\/2024\/11\/Affiche-Chapelle-des-Elus-3.jpg\"><img loading=\"lazy\" decoding=\"async\" width=\"600\" height=\"800\" src=\"https:\/\/sibylle-ritter.com\/wp-content\/uploads\/2024\/11\/Affiche-Chapelle-des-Elus-3.jpg\" alt=\"\" class=\"wp-image-3151\" style=\"width:272px;height:auto\" srcset=\"https:\/\/sibylle-ritter.com\/wp-content\/uploads\/2024\/11\/Affiche-Chapelle-des-Elus-3.jpg 600w, https:\/\/sibylle-ritter.com\/wp-content\/uploads\/2024\/11\/Affiche-Chapelle-des-Elus-3-225x300.jpg 225w, https:\/\/sibylle-ritter.com\/wp-content\/uploads\/2024\/11\/Affiche-Chapelle-des-Elus-3-250x333.jpg 250w\" sizes=\"auto, (max-width: 600px) 100vw, 600px\" \/><\/a><\/figure>\n\n\n\n<figure class=\"wp-block-image size-full is-resized\"><a href=\"https:\/\/sibylle-ritter.com\/wp-content\/uploads\/2024\/12\/IMG_6678.jpg\"><img loading=\"lazy\" decoding=\"async\" width=\"800\" height=\"600\" src=\"https:\/\/sibylle-ritter.com\/wp-content\/uploads\/2024\/12\/IMG_6678.jpg\" alt=\"\" class=\"wp-image-3190\" style=\"width:269px;height:auto\" srcset=\"https:\/\/sibylle-ritter.com\/wp-content\/uploads\/2024\/12\/IMG_6678.jpg 800w, https:\/\/sibylle-ritter.com\/wp-content\/uploads\/2024\/12\/IMG_6678-600x450.jpg 600w, https:\/\/sibylle-ritter.com\/wp-content\/uploads\/2024\/12\/IMG_6678-300x225.jpg 300w, https:\/\/sibylle-ritter.com\/wp-content\/uploads\/2024\/12\/IMG_6678-768x576.jpg 768w, https:\/\/sibylle-ritter.com\/wp-content\/uploads\/2024\/12\/IMG_6678-250x188.jpg 250w\" sizes=\"auto, (max-width: 800px) 100vw, 800px\" \/><\/a><figcaption class=\"wp-element-caption\">le 7 d\u00e9cembre: Improvisation de danse parmi les sculptures<\/figcaption><\/figure>\n\n\n\n<p><\/p>\n\n\n\n<p><\/p>\n\n\n\n<p><\/p>\n\n\n\n<p><\/p>\n\n\n\n<h4 class=\"wp-block-heading\">La Nuit Romantique vous invite<br \/>le 22 juin 2024 \u00e0 Flavigny-sur-Ozerain<br \/><br \/>&#8222;Non Fard\u00e9&#8220;<br \/><br \/><img loading=\"lazy\" decoding=\"async\" width=\"150\" height=\"200\" class=\"wp-image-2952\" style=\"width: 150px;\" src=\"https:\/\/sibylle-ritter.com\/wp-content\/uploads\/2024\/06\/Brotkopf-3-2024.jpg\" alt=\"Non Fard\u00e9\" srcset=\"https:\/\/sibylle-ritter.com\/wp-content\/uploads\/2024\/06\/Brotkopf-3-2024.jpg 600w, https:\/\/sibylle-ritter.com\/wp-content\/uploads\/2024\/06\/Brotkopf-3-2024-225x300.jpg 225w, https:\/\/sibylle-ritter.com\/wp-content\/uploads\/2024\/06\/Brotkopf-3-2024-250x333.jpg 250w\" sizes=\"auto, (max-width: 150px) 100vw, 150px\" \/><\/h4>\n\n\n\n<p>Le pain d`artiste sera offert \u00e0 partir de 19 heures chez <br \/>TerreTouch\u00e9e dans l`ancien couvent des Ursulines.<br \/>BIENVENU!<\/p>\n\n\n\n<p><\/p>\n\n\n\n<div class=\"wp-block-media-text is-stacked-on-mobile\"><figure class=\"wp-block-media-text__media\"><img decoding=\"async\" src=\"https:\/\/sibylle-ritter.com\/wp-content\/uploads\/2024\/02\/JEMA-web.jpg\" alt=\"\" class=\"wp-image-2872 size-full\"\/><\/figure><div class=\"wp-block-media-text__content\">\n<p>Welcome\/Bienvenue<\/p>\n\n\n\n<p>Open Days at TerreTouch\u00e9e<br \/>Portes ouvertes \u00e0 TerreTouch\u00e9e<\/p>\n\n\n\n<p><\/p>\n\n\n\n<p><\/p>\n\n\n\n<p><\/p>\n\n\n\n<p><\/p>\n\n\n\n<p><\/p>\n\n\n\n<p><\/p>\n\n\n\n<p><\/p>\n<\/div><\/div>\n\n\n\n<p><\/p>\n\n\n\n<p><\/p>\n\n\n\n<p><\/p>\n\n\n\n<p><\/p>\n\n\n\n<p><\/p>\n\n\n\n<div class=\"wp-block-columns is-layout-flex wp-container-core-columns-is-layout-28f84493 wp-block-columns-is-layout-flex\">\n<div class=\"wp-block-column is-layout-flow wp-block-column-is-layout-flow\" style=\"flex-basis:100%\">\n<div class=\"wp-block-media-text is-stacked-on-mobile\"><figure class=\"wp-block-media-text__media\"><img loading=\"lazy\" decoding=\"async\" width=\"800\" height=\"600\" src=\"https:\/\/sibylle-ritter.com\/wp-content\/uploads\/2024\/03\/Soft-matters.jpg\" alt=\"\" class=\"wp-image-2880 size-full\" srcset=\"https:\/\/sibylle-ritter.com\/wp-content\/uploads\/2024\/03\/Soft-matters.jpg 800w, https:\/\/sibylle-ritter.com\/wp-content\/uploads\/2024\/03\/Soft-matters-600x450.jpg 600w, https:\/\/sibylle-ritter.com\/wp-content\/uploads\/2024\/03\/Soft-matters-300x225.jpg 300w, https:\/\/sibylle-ritter.com\/wp-content\/uploads\/2024\/03\/Soft-matters-768x576.jpg 768w, https:\/\/sibylle-ritter.com\/wp-content\/uploads\/2024\/03\/Soft-matters-250x188.jpg 250w\" sizes=\"auto, (max-width: 800px) 100vw, 800px\" \/><\/figure><div class=\"wp-block-media-text__content\">\n<p>Vom 15. M\u00e4rz bis zum 21. April 2024<br \/>in der STRZELSKI Galerie in Stuttgart, Rotheb\u00fchlplatz 30<br \/>Er\u00f6ffnung am 15. M\u00e4rz von 18-22 Uhr<\/p>\n<\/div><\/div>\n<\/div>\n<\/div>\n\n\n\n<figure class=\"wp-block-gallery has-nested-images columns-default is-cropped wp-block-gallery-2 is-layout-flex wp-block-gallery-is-layout-flex\">\n<figure class=\"wp-block-image size-large\"><a href=\"https:\/\/sibylle-ritter.com\/wp-content\/uploads\/2024\/03\/SM7.jpg\"><img loading=\"lazy\" decoding=\"async\" width=\"800\" height=\"600\" data-id=\"2900\" src=\"https:\/\/sibylle-ritter.com\/wp-content\/uploads\/2024\/03\/SM7.jpg\" alt=\"\" class=\"wp-image-2900\" srcset=\"https:\/\/sibylle-ritter.com\/wp-content\/uploads\/2024\/03\/SM7.jpg 800w, https:\/\/sibylle-ritter.com\/wp-content\/uploads\/2024\/03\/SM7-600x450.jpg 600w, https:\/\/sibylle-ritter.com\/wp-content\/uploads\/2024\/03\/SM7-300x225.jpg 300w, https:\/\/sibylle-ritter.com\/wp-content\/uploads\/2024\/03\/SM7-768x576.jpg 768w, https:\/\/sibylle-ritter.com\/wp-content\/uploads\/2024\/03\/SM7-250x188.jpg 250w\" sizes=\"auto, (max-width: 800px) 100vw, 800px\" \/><\/a><\/figure>\n\n\n\n<figure class=\"wp-block-image size-large\"><a href=\"https:\/\/sibylle-ritter.com\/wp-content\/uploads\/2024\/03\/SM6.jpg\"><img loading=\"lazy\" decoding=\"async\" width=\"600\" height=\"800\" data-id=\"2899\" src=\"https:\/\/sibylle-ritter.com\/wp-content\/uploads\/2024\/03\/SM6.jpg\" alt=\"\" class=\"wp-image-2899\" srcset=\"https:\/\/sibylle-ritter.com\/wp-content\/uploads\/2024\/03\/SM6.jpg 600w, https:\/\/sibylle-ritter.com\/wp-content\/uploads\/2024\/03\/SM6-225x300.jpg 225w, https:\/\/sibylle-ritter.com\/wp-content\/uploads\/2024\/03\/SM6-250x333.jpg 250w\" sizes=\"auto, (max-width: 600px) 100vw, 600px\" \/><\/a><\/figure>\n\n\n\n<figure class=\"wp-block-image size-large\"><a href=\"https:\/\/sibylle-ritter.com\/wp-content\/uploads\/2024\/03\/SM1.jpg\"><img loading=\"lazy\" decoding=\"async\" width=\"800\" height=\"600\" data-id=\"2894\" src=\"https:\/\/sibylle-ritter.com\/wp-content\/uploads\/2024\/03\/SM1.jpg\" alt=\"\" class=\"wp-image-2894\" srcset=\"https:\/\/sibylle-ritter.com\/wp-content\/uploads\/2024\/03\/SM1.jpg 800w, https:\/\/sibylle-ritter.com\/wp-content\/uploads\/2024\/03\/SM1-600x450.jpg 600w, https:\/\/sibylle-ritter.com\/wp-content\/uploads\/2024\/03\/SM1-300x225.jpg 300w, https:\/\/sibylle-ritter.com\/wp-content\/uploads\/2024\/03\/SM1-768x576.jpg 768w, https:\/\/sibylle-ritter.com\/wp-content\/uploads\/2024\/03\/SM1-250x188.jpg 250w\" sizes=\"auto, (max-width: 800px) 100vw, 800px\" \/><\/a><\/figure>\n<\/figure>\n\n\n\n<p><\/p>\n\n\n\n<div class=\"wp-block-media-text is-stacked-on-mobile\"><figure class=\"wp-block-media-text__media\"><img loading=\"lazy\" decoding=\"async\" width=\"800\" height=\"599\" src=\"https:\/\/sibylle-ritter.com\/wp-content\/uploads\/2024\/01\/Invitation-to-Siegburg-Germany.jpg\" alt=\"\" class=\"wp-image-2765 size-full\" srcset=\"https:\/\/sibylle-ritter.com\/wp-content\/uploads\/2024\/01\/Invitation-to-Siegburg-Germany.jpg 800w, https:\/\/sibylle-ritter.com\/wp-content\/uploads\/2024\/01\/Invitation-to-Siegburg-Germany-600x449.jpg 600w, https:\/\/sibylle-ritter.com\/wp-content\/uploads\/2024\/01\/Invitation-to-Siegburg-Germany-300x225.jpg 300w, https:\/\/sibylle-ritter.com\/wp-content\/uploads\/2024\/01\/Invitation-to-Siegburg-Germany-768x575.jpg 768w, https:\/\/sibylle-ritter.com\/wp-content\/uploads\/2024\/01\/Invitation-to-Siegburg-Germany-250x187.jpg 250w\" sizes=\"auto, (max-width: 800px) 100vw, 800px\" \/><\/figure><div class=\"wp-block-media-text__content\">\n<p>Exhibition of contemporary ceramic art<br \/>Exposition de la c\u00e9ramique contemporaine<br \/>04\/02  &#8211;  07\/04\/2024 <br \/>Stadtmuseum Siegburg\/Germany<\/p>\n\n\n\n<p><a href=\"https:\/\/www.stadtmuseum-siegburg.de\">https:\/\/www.stadtmuseum-siegburg.de<\/a><\/p>\n<\/div><\/div>\n\n\n\n<p><\/p>\n\n\n\n<div class=\"wp-block-media-text is-stacked-on-mobile\"><figure class=\"wp-block-media-text__media\"><img loading=\"lazy\" decoding=\"async\" width=\"800\" height=\"600\" src=\"https:\/\/sibylle-ritter.com\/wp-content\/uploads\/2023\/12\/Neue-Keramik-pdf-sreenshot-1.jpg\" alt=\"\" class=\"wp-image-2744 size-full\" srcset=\"https:\/\/sibylle-ritter.com\/wp-content\/uploads\/2023\/12\/Neue-Keramik-pdf-sreenshot-1.jpg 800w, https:\/\/sibylle-ritter.com\/wp-content\/uploads\/2023\/12\/Neue-Keramik-pdf-sreenshot-1-600x450.jpg 600w, https:\/\/sibylle-ritter.com\/wp-content\/uploads\/2023\/12\/Neue-Keramik-pdf-sreenshot-1-300x225.jpg 300w, https:\/\/sibylle-ritter.com\/wp-content\/uploads\/2023\/12\/Neue-Keramik-pdf-sreenshot-1-768x576.jpg 768w, https:\/\/sibylle-ritter.com\/wp-content\/uploads\/2023\/12\/Neue-Keramik-pdf-sreenshot-1-250x188.jpg 250w\" sizes=\"auto, (max-width: 800px) 100vw, 800px\" \/><\/figure><div class=\"wp-block-media-text__content\">\n<p><\/p><p><\/p><p><\/p><p><\/p><p><\/p><p><\/p><p><\/p><p><\/p><p><\/p><p><\/p><p><\/p><p><\/p><p><\/p><p><\/p><p><\/p><p><\/p><p><\/p><p><\/p><p><\/p><p><\/p><p><\/p><p><\/p><p><\/p><p><\/p><p><\/p><p><\/p><p><\/p><p><\/p><p><\/p><p><\/p><p><\/p><p><\/p><p><\/p><p><\/p><p><\/p><p><\/p><p><\/p><p><\/p><p><\/p><p><\/p><p><\/p><p><\/p><p><\/p><p><\/p><p><\/p><p><\/p><p><\/p><p><\/p><p> <\/p><p><strong><mark style=\"background-color:rgba(0, 0, 0, 0);color:#33424a\" class=\"has-inline-color\">NEUE KERAMIK\/NEW CERAMICS<\/mark><\/strong><\/p><p>The latest edition of the journal NEUE KERAMIK\/New Ceramics publishes a nice article about my ceramic sculptures.Dans l`\u00e9dition du magazine NEUE KERAMIK 1\/2024 il y a un article de ma c\u00e9ramique. German and English version availible!<\/p>\n<\/div><\/div>\n\n\n\n<div class=\"wp-block-media-text is-stacked-on-mobile\"><figure class=\"wp-block-media-text__media\"><img loading=\"lazy\" decoding=\"async\" width=\"800\" height=\"600\" src=\"https:\/\/sibylle-ritter.com\/wp-content\/uploads\/2023\/12\/Neue-Keramik-pdf-sreenshot-2.jpg\" alt=\"\" class=\"wp-image-2745 size-full\" srcset=\"https:\/\/sibylle-ritter.com\/wp-content\/uploads\/2023\/12\/Neue-Keramik-pdf-sreenshot-2.jpg 800w, https:\/\/sibylle-ritter.com\/wp-content\/uploads\/2023\/12\/Neue-Keramik-pdf-sreenshot-2-600x450.jpg 600w, https:\/\/sibylle-ritter.com\/wp-content\/uploads\/2023\/12\/Neue-Keramik-pdf-sreenshot-2-300x225.jpg 300w, https:\/\/sibylle-ritter.com\/wp-content\/uploads\/2023\/12\/Neue-Keramik-pdf-sreenshot-2-768x576.jpg 768w, https:\/\/sibylle-ritter.com\/wp-content\/uploads\/2023\/12\/Neue-Keramik-pdf-sreenshot-2-250x188.jpg 250w\" sizes=\"auto, (max-width: 800px) 100vw, 800px\" \/><\/figure><div class=\"wp-block-media-text__content\">\n<p><\/p>\n<\/div><\/div>\n\n\n\n<p><\/p>\n\n\n\n<p><\/p>\n\n\n\n<p><\/p>\n\n\n\n<div class=\"wp-block-columns is-layout-flex wp-container-core-columns-is-layout-28f84493 wp-block-columns-is-layout-flex\">\n<div class=\"wp-block-column is-layout-flow wp-block-column-is-layout-flow\" style=\"flex-basis:100%\">\n<figure class=\"wp-block-gallery has-nested-images columns-default is-cropped wp-block-gallery-3 is-layout-flex wp-block-gallery-is-layout-flex\"><\/figure>\n<\/div>\n<\/div>\n\n\n\n<p><\/p>\n\n\n\n<p><\/p>\n\n\n\n<p><mark style=\"background-color:rgba(0, 0, 0, 0)\" class=\"has-inline-color has-cyan-bluish-gray-color\">1<strong>0 JUILLET AU 12 SEPTEMBRE<\/strong><\/mark> <mark style=\"background-color:rgba(0, 0, 0, 0)\" class=\"has-inline-color has-cyan-bluish-gray-color\"><strong>2023<\/strong><\/mark><\/p>\n\n\n\n<p>Viste guid\u00e9e: 9 + 10 septembre \u00e0 17.30 heures<\/p>\n\n\n\n<figure class=\"wp-block-image size-full is-resized\"><a href=\"https:\/\/sibylle-ritter.com\/wp-content\/uploads\/2023\/07\/Visites-guidees.jpg\"><img loading=\"lazy\" decoding=\"async\" width=\"600\" height=\"800\" src=\"https:\/\/sibylle-ritter.com\/wp-content\/uploads\/2023\/07\/Visites-guidees.jpg\" alt=\"\" class=\"wp-image-2626\" style=\"width:275px;height:366px\" srcset=\"https:\/\/sibylle-ritter.com\/wp-content\/uploads\/2023\/07\/Visites-guidees.jpg 600w, https:\/\/sibylle-ritter.com\/wp-content\/uploads\/2023\/07\/Visites-guidees-225x300.jpg 225w, https:\/\/sibylle-ritter.com\/wp-content\/uploads\/2023\/07\/Visites-guidees-250x333.jpg 250w\" sizes=\"auto, (max-width: 600px) 100vw, 600px\" \/><\/a><\/figure>\n\n\n\n<p><\/p>\n\n\n\n<p><mark style=\"background-color:rgba(0, 0, 0, 0)\" class=\"has-inline-color has-cyan-bluish-gray-color\"><strong>\u00c0 partir du 10 juillet \u00e0 d\u00e9couvrir dans la galerie TerreTouch\u00e9e<br \/>Nouvelle exposition &#8222;LA VIE SIMPLE&#8220; avec l`\u0153uvre phare:<br \/>&#8222;Ways to passe time in a peaceful manner&#8220;<\/strong> <strong>qui \u00e9tait inaugur\u00e9e<br \/>\u00e0 la nuit romantique le 24 juin<\/strong><\/mark><\/p>\n\n\n\n<p><\/p>\n\n\n\n<figure class=\"wp-block-gallery has-nested-images columns-default is-cropped wp-block-gallery-4 is-layout-flex wp-block-gallery-is-layout-flex\">\n<figure class=\"wp-block-image size-large\"><a href=\"https:\/\/sibylle-ritter.com\/wp-content\/uploads\/2023\/07\/Exp-23-e-Kopie.jpg\"><img loading=\"lazy\" decoding=\"async\" width=\"600\" height=\"800\" data-id=\"2618\" src=\"https:\/\/sibylle-ritter.com\/wp-content\/uploads\/2023\/07\/Exp-23-e-Kopie.jpg\" alt=\"\" class=\"wp-image-2618\" srcset=\"https:\/\/sibylle-ritter.com\/wp-content\/uploads\/2023\/07\/Exp-23-e-Kopie.jpg 600w, https:\/\/sibylle-ritter.com\/wp-content\/uploads\/2023\/07\/Exp-23-e-Kopie-225x300.jpg 225w, https:\/\/sibylle-ritter.com\/wp-content\/uploads\/2023\/07\/Exp-23-e-Kopie-250x333.jpg 250w\" sizes=\"auto, (max-width: 600px) 100vw, 600px\" \/><\/a><\/figure>\n\n\n\n<figure class=\"wp-block-image size-large\"><a href=\"https:\/\/sibylle-ritter.com\/wp-content\/uploads\/2023\/07\/Expo-23-c-Kopie.jpg\"><img loading=\"lazy\" decoding=\"async\" width=\"600\" height=\"800\" data-id=\"2621\" src=\"https:\/\/sibylle-ritter.com\/wp-content\/uploads\/2023\/07\/Expo-23-c-Kopie.jpg\" alt=\"\" class=\"wp-image-2621\" srcset=\"https:\/\/sibylle-ritter.com\/wp-content\/uploads\/2023\/07\/Expo-23-c-Kopie.jpg 600w, https:\/\/sibylle-ritter.com\/wp-content\/uploads\/2023\/07\/Expo-23-c-Kopie-225x300.jpg 225w, https:\/\/sibylle-ritter.com\/wp-content\/uploads\/2023\/07\/Expo-23-c-Kopie-250x333.jpg 250w\" sizes=\"auto, (max-width: 600px) 100vw, 600px\" \/><\/a><\/figure>\n\n\n\n<figure class=\"wp-block-image size-large\"><a href=\"https:\/\/sibylle-ritter.com\/wp-content\/uploads\/2023\/07\/Expo-23-b-Kopie.jpg\"><img loading=\"lazy\" decoding=\"async\" width=\"600\" height=\"800\" data-id=\"2620\" src=\"https:\/\/sibylle-ritter.com\/wp-content\/uploads\/2023\/07\/Expo-23-b-Kopie.jpg\" alt=\"\" class=\"wp-image-2620\" srcset=\"https:\/\/sibylle-ritter.com\/wp-content\/uploads\/2023\/07\/Expo-23-b-Kopie.jpg 600w, https:\/\/sibylle-ritter.com\/wp-content\/uploads\/2023\/07\/Expo-23-b-Kopie-225x300.jpg 225w, https:\/\/sibylle-ritter.com\/wp-content\/uploads\/2023\/07\/Expo-23-b-Kopie-250x333.jpg 250w\" sizes=\"auto, (max-width: 600px) 100vw, 600px\" \/><\/a><\/figure>\n\n\n\n<figure class=\"wp-block-image size-large\"><a href=\"https:\/\/sibylle-ritter.com\/wp-content\/uploads\/2023\/07\/Expo-23-a-Kopie.jpg\"><img loading=\"lazy\" decoding=\"async\" width=\"600\" height=\"800\" data-id=\"2619\" src=\"https:\/\/sibylle-ritter.com\/wp-content\/uploads\/2023\/07\/Expo-23-a-Kopie.jpg\" alt=\"\" class=\"wp-image-2619\" srcset=\"https:\/\/sibylle-ritter.com\/wp-content\/uploads\/2023\/07\/Expo-23-a-Kopie.jpg 600w, https:\/\/sibylle-ritter.com\/wp-content\/uploads\/2023\/07\/Expo-23-a-Kopie-225x300.jpg 225w, https:\/\/sibylle-ritter.com\/wp-content\/uploads\/2023\/07\/Expo-23-a-Kopie-250x333.jpg 250w\" sizes=\"auto, (max-width: 600px) 100vw, 600px\" \/><\/a><\/figure>\n\n\n\n<figure class=\"wp-block-image size-large\"><a href=\"https:\/\/sibylle-ritter.com\/wp-content\/uploads\/2023\/07\/Expo-23-g.jpg\"><img loading=\"lazy\" decoding=\"async\" width=\"800\" height=\"600\" data-id=\"2623\" src=\"https:\/\/sibylle-ritter.com\/wp-content\/uploads\/2023\/07\/Expo-23-g.jpg\" alt=\"\" class=\"wp-image-2623\" srcset=\"https:\/\/sibylle-ritter.com\/wp-content\/uploads\/2023\/07\/Expo-23-g.jpg 800w, https:\/\/sibylle-ritter.com\/wp-content\/uploads\/2023\/07\/Expo-23-g-600x450.jpg 600w, https:\/\/sibylle-ritter.com\/wp-content\/uploads\/2023\/07\/Expo-23-g-300x225.jpg 300w, https:\/\/sibylle-ritter.com\/wp-content\/uploads\/2023\/07\/Expo-23-g-768x576.jpg 768w, https:\/\/sibylle-ritter.com\/wp-content\/uploads\/2023\/07\/Expo-23-g-250x188.jpg 250w\" sizes=\"auto, (max-width: 800px) 100vw, 800px\" \/><\/a><\/figure>\n\n\n\n<figure class=\"wp-block-image size-large\"><a href=\"https:\/\/sibylle-ritter.com\/wp-content\/uploads\/2023\/07\/Expo-23-f-Kopie.jpg\"><img loading=\"lazy\" decoding=\"async\" width=\"600\" height=\"800\" data-id=\"2622\" src=\"https:\/\/sibylle-ritter.com\/wp-content\/uploads\/2023\/07\/Expo-23-f-Kopie.jpg\" alt=\"\" class=\"wp-image-2622\" srcset=\"https:\/\/sibylle-ritter.com\/wp-content\/uploads\/2023\/07\/Expo-23-f-Kopie.jpg 600w, https:\/\/sibylle-ritter.com\/wp-content\/uploads\/2023\/07\/Expo-23-f-Kopie-225x300.jpg 225w, https:\/\/sibylle-ritter.com\/wp-content\/uploads\/2023\/07\/Expo-23-f-Kopie-250x333.jpg 250w\" sizes=\"auto, (max-width: 600px) 100vw, 600px\" \/><\/a><\/figure>\n\n\n\n<figure class=\"wp-block-image size-large\"><a href=\"https:\/\/sibylle-ritter.com\/wp-content\/uploads\/2023\/07\/Expo-23-h-Kopie.jpg\"><img loading=\"lazy\" decoding=\"async\" width=\"600\" height=\"800\" data-id=\"2624\" src=\"https:\/\/sibylle-ritter.com\/wp-content\/uploads\/2023\/07\/Expo-23-h-Kopie.jpg\" alt=\"\" class=\"wp-image-2624\" srcset=\"https:\/\/sibylle-ritter.com\/wp-content\/uploads\/2023\/07\/Expo-23-h-Kopie.jpg 600w, https:\/\/sibylle-ritter.com\/wp-content\/uploads\/2023\/07\/Expo-23-h-Kopie-225x300.jpg 225w, https:\/\/sibylle-ritter.com\/wp-content\/uploads\/2023\/07\/Expo-23-h-Kopie-250x333.jpg 250w\" sizes=\"auto, (max-width: 600px) 100vw, 600px\" \/><\/a><\/figure>\n\n\n\n<figure class=\"wp-block-image size-large\"><a href=\"https:\/\/sibylle-ritter.com\/wp-content\/uploads\/2023\/07\/Expo-23-i.jpg\"><img loading=\"lazy\" decoding=\"async\" width=\"600\" height=\"800\" data-id=\"2625\" src=\"https:\/\/sibylle-ritter.com\/wp-content\/uploads\/2023\/07\/Expo-23-i.jpg\" alt=\"\" class=\"wp-image-2625\" srcset=\"https:\/\/sibylle-ritter.com\/wp-content\/uploads\/2023\/07\/Expo-23-i.jpg 600w, https:\/\/sibylle-ritter.com\/wp-content\/uploads\/2023\/07\/Expo-23-i-225x300.jpg 225w, https:\/\/sibylle-ritter.com\/wp-content\/uploads\/2023\/07\/Expo-23-i-250x333.jpg 250w\" sizes=\"auto, (max-width: 600px) 100vw, 600px\" \/><\/a><\/figure>\n<\/figure>\n\n\n\n<p><\/p>\n\n\n\n<p><\/p>\n\n\n\n<p><\/p>\n\n\n\n<p><strong><mark style=\"background-color:rgba(0, 0, 0, 0)\" class=\"has-inline-color has-cyan-bluish-gray-color\">12 JUIN AU 11 SEPTEMBRE 2023<\/mark><\/strong><br \/><strong><mark style=\"background-color:rgba(0, 0, 0, 0)\" class=\"has-inline-color has-vivid-cyan-blue-color\">Pr\u00e9sentation dans la vitrine de la maison du tourisme \u00e0 Semur en Auxois<\/mark><\/strong><br \/><strong><mark style=\"background-color:rgba(0, 0, 0, 0)\" class=\"has-inline-color has-vivid-cyan-blue-color\">9 juillet je serais sur place avec un stand devant la vitrine!!! Bienvenue<\/mark><\/strong><br \/>22<code>, place Gaveau, 21140 Semur-en-Auxois      <\/code><br \/>terre-auxois.fr<br \/><\/p>\n\n\n\n<p><strong><mark style=\"background-color:rgba(0, 0, 0, 0)\" class=\"has-inline-color has-cyan-bluish-gray-color\">1 JUILLET- 29 NOVEMBRE 2023<\/mark><\/strong><br \/><strong><mark style=\"background-color:#ffffff\" class=\"has-inline-color has-black-color\">Exposition de la c\u00e9ramique internationale <br \/>contemporaine \u00e0 FAENZA\/Italie <\/mark><\/strong><\/p>\n\n\n\n<figure class=\"wp-block-image size-full\"><a href=\"https:\/\/sibylle-ritter.com\/wp-content\/uploads\/2023\/05\/Screenshot-676.jpg\"><img loading=\"lazy\" decoding=\"async\" width=\"800\" height=\"599\" src=\"https:\/\/sibylle-ritter.com\/wp-content\/uploads\/2023\/05\/Screenshot-676.jpg\" alt=\"\" class=\"wp-image-2512\" srcset=\"https:\/\/sibylle-ritter.com\/wp-content\/uploads\/2023\/05\/Screenshot-676.jpg 800w, https:\/\/sibylle-ritter.com\/wp-content\/uploads\/2023\/05\/Screenshot-676-600x449.jpg 600w, https:\/\/sibylle-ritter.com\/wp-content\/uploads\/2023\/05\/Screenshot-676-300x225.jpg 300w, https:\/\/sibylle-ritter.com\/wp-content\/uploads\/2023\/05\/Screenshot-676-768x575.jpg 768w, https:\/\/sibylle-ritter.com\/wp-content\/uploads\/2023\/05\/Screenshot-676-250x187.jpg 250w\" sizes=\"auto, (max-width: 800px) 100vw, 800px\" \/><\/a><\/figure>\n\n\n\n<p><\/p>\n\n\n\n<h5 class=\"wp-block-heading\"><br \/><br \/><\/h5>\n\n\n\n<h3 class=\"wp-block-heading\"><br \/><br \/><br \/><br \/><mark style=\"background-color:rgba(0, 0, 0, 0)\" class=\"has-inline-color has-luminous-vivid-orange-color\">R\u00e9trospective:<\/mark><\/h3>\n\n\n\n<h3 class=\"wp-block-heading\"><mark style=\"background-color:rgba(0, 0, 0, 0)\" class=\"has-inline-color has-black-color\">Exposition VIVACE<\/mark><\/h3>\n\n\n\n<h3 class=\"wp-block-heading\">C\u00e9ramique, Art plastique et Peinture<br \/>30 juillet \u00e0 20 septembre 2022 <br \/>aux Castafours \/Flavigny sur Ozerain<br \/><br \/> <img loading=\"lazy\" decoding=\"async\" width=\"300\" height=\"400\" class=\"wp-image-1986\" style=\"width: 300px;\" src=\"https:\/\/sibylle-ritter.com\/wp-content\/uploads\/2022\/04\/VIVACE-Kopie.jpg\" alt=\"\" srcset=\"https:\/\/sibylle-ritter.com\/wp-content\/uploads\/2022\/04\/VIVACE-Kopie.jpg 600w, https:\/\/sibylle-ritter.com\/wp-content\/uploads\/2022\/04\/VIVACE-Kopie-225x300.jpg 225w, https:\/\/sibylle-ritter.com\/wp-content\/uploads\/2022\/04\/VIVACE-Kopie-250x333.jpg 250w\" sizes=\"auto, (max-width: 300px) 100vw, 300px\" \/><br \/><\/h3>\n\n\n\n<p><\/p>\n\n\n\n<p><img loading=\"lazy\" decoding=\"async\" width=\"195\" height=\"260\" class=\"wp-image-2062\" style=\"width: 195px;\" src=\"https:\/\/sibylle-ritter.com\/wp-content\/uploads\/2022\/05\/verso.jpg\" alt=\"\" srcset=\"https:\/\/sibylle-ritter.com\/wp-content\/uploads\/2022\/05\/verso.jpg 600w, https:\/\/sibylle-ritter.com\/wp-content\/uploads\/2022\/05\/verso-225x300.jpg 225w, https:\/\/sibylle-ritter.com\/wp-content\/uploads\/2022\/05\/verso-250x334.jpg 250w\" sizes=\"auto, (max-width: 195px) 100vw, 195px\" \/><br \/>Flavigny fait partie des plus beaux villages en France.<br \/>40 villages ont particip\u00e9 \u00e0 f\u00eater l`anniversaire de 40 ans.<br \/>Le focus \u00e9tait la d\u00e9gustation, comme d`<code>habitude.<br \/><\/code>Chez moi on a d\u00e9couvert une sc\u00e9nografie comme <br \/>contemplation de la nature comme source de vie.<br \/><\/p>\n\n\n\n<h5 class=\"wp-block-heading\"><\/h5>\n\n\n\n<h3 class=\"wp-block-heading\"><mark style=\"background-color:rgba(0, 0, 0, 0)\" class=\"has-inline-color has-luminous-vivid-orange-color\">Staatspreis Gestaltung, Kunst, Handwerk 2020<\/mark><\/h3>\n\n\n\n<h4 class=\"wp-block-heading\">Mit einer Auswahl meiner &#8222;Assiettes&#8220; (siehe: c\u00e9ramique utiles\/f\u00fcr den Gebrauch) nehme ich an der diesj\u00e4hrigen <span class=\"has-inline-color has-luminous-vivid-orange-color\">Ausstellung zum<\/span> <span class=\"has-inline-color has-luminous-vivid-orange-color\">Staatspreis Gestaltung, Kunst, Handwerk <\/span>teil.  <br \/>Am Samstag, den 10. Oktober um 14.30 Uhr f\u00fchre ich durch die Ausstellung und stelle nicht nur die eigenen, sondern auch die Arbeiten der anderen TeilnehmerInnen vor.<br \/>Ort: Regierungspr\u00e4sidium Karlsruhe, Rondellplatz, Karl-Friedrich-Str. 17<br \/><a href=\"http:\/\/rp.baden-wuerttemberg.de\/Service\/Wegbeschreibungen\" data-type=\"URL\" data-id=\"http:\/\/rp.baden-wuerttemberg.de\/Service\/Wegbeschreibungen\">http:\/\/rp.baden-wuerttemberg.de\/Service\/Wegbeschreibungen<\/a><\/h4>\n\n\n\n<pre class=\"wp-block-preformatted\"><mark style=\"background-color:rgba(0, 0, 0, 0);color:#e73e14\" class=\"has-inline-color\"><strong>Allgemeine Notiz\n<em>Alles, was ich als K\u00fcnstlerin und als Handwerkerin herstelle, ist aufw\u00e4ndig und durchaus entbehrlich. \nDiese wieder kehrende Einsicht f\u00fchrt stets zum Wunsch, das Entbehrliche so sch\u00f6n zu kleiden, dass man es nicht entbehren m\u00f6chte und das Leben derart zu versch\u00f6nern, dass dessen Entbehrlichkeit verschleiert wird.\nMenschen dazu verf\u00fchren, sich mit dem zu umgeben, was \u00fcber das Notwendige hinausgeht, m\u00fcsste also gewisserma\u00dfen mein Ziel sein.\nIndem ich das Erlesene und besonders Sch\u00f6ne ins N\u00fctzliche einschleu\u00dfe und auf diese Weise dem Alltag einverleibe, ist beispielsweise ein Teller nicht nur Unterlage des Unentberlichen, sondern geradezu eine Nahrungserg\u00e4nzung, wenn nicht sogar die  Mahlzeit an sich.  (siehe Keramik f\u00fcr den Gebrauch)<\/em><\/strong><\/mark><\/pre>\n\n\n\n<figure class=\"wp-block-image alignleft size-large\"><img loading=\"lazy\" decoding=\"async\" width=\"800\" height=\"600\" src=\"https:\/\/sibylle-ritter.com\/wp-content\/uploads\/2020\/02\/Tischman\u00f6ver-1.jpg\" alt=\"\" class=\"wp-image-1349\" srcset=\"https:\/\/sibylle-ritter.com\/wp-content\/uploads\/2020\/02\/Tischman\u00f6ver-1.jpg 800w, https:\/\/sibylle-ritter.com\/wp-content\/uploads\/2020\/02\/Tischman\u00f6ver-1-600x450.jpg 600w, https:\/\/sibylle-ritter.com\/wp-content\/uploads\/2020\/02\/Tischman\u00f6ver-1-300x225.jpg 300w, https:\/\/sibylle-ritter.com\/wp-content\/uploads\/2020\/02\/Tischman\u00f6ver-1-768x576.jpg 768w, https:\/\/sibylle-ritter.com\/wp-content\/uploads\/2020\/02\/Tischman\u00f6ver-1-250x188.jpg 250w\" sizes=\"auto, (max-width: 800px) 100vw, 800px\" \/><\/figure>\n\n\n\n<div class=\"wp-block-group is-layout-flow wp-block-group-is-layout-flow\">\n<p><span style=\"color: #ff9900;\"><br \/>Mit der folgenden Veranstaltung habe ich mich von der Schw\u00e4bischen Alb verabschiedet.<\/span><br \/><span style=\"color: #ff9900;\">Voller Dankbarkeit blicke ich auf die Wertsch\u00e4tzung meiner Beitr\u00e4ge <\/span><br \/><span style=\"color: #ff9900;\">und die freundliche und gro\u00dfz\u00fcgige Unterst\u00fctzung und F\u00f6rderung durch die Stadt Hettingen und das Bildungshaus <\/span><span style=\"color: #ff9900;\">zur\u00fcck.<\/span><\/p>\n<h3><strong><span style=\"color: #993300;\">14. und 15. M\u00e4rz 2020<\/span><br \/><\/strong><strong>Tag der offenen T\u00f6pferei&nbsp;&nbsp;&nbsp;&nbsp;&nbsp; TdoT 2020<\/strong><\/h3>\n<h4><strong>Ceramic Studios invite to open workshops and studios<br \/><\/strong><strong>Journ\u00e9es portes ouvertes des ateliers c\u00e9ramiques <\/strong><\/h4>\n<h4><strong>&nbsp;<\/strong><\/h4>\n<p>Im FUNDORT \/ Studio Sibylle Ritter&nbsp;&nbsp;&nbsp; <img loading=\"lazy\" decoding=\"async\" class=\"wp-image-1090 alignleft\" src=\"https:\/\/sibylle-ritter.com\/wp-content\/uploads\/2019\/07\/IMG_7784.jpg\" alt=\"\" width=\"148\" height=\"111\" srcset=\"https:\/\/sibylle-ritter.com\/wp-content\/uploads\/2019\/07\/IMG_7784.jpg 800w, https:\/\/sibylle-ritter.com\/wp-content\/uploads\/2019\/07\/IMG_7784-600x450.jpg 600w, https:\/\/sibylle-ritter.com\/wp-content\/uploads\/2019\/07\/IMG_7784-300x225.jpg 300w, https:\/\/sibylle-ritter.com\/wp-content\/uploads\/2019\/07\/IMG_7784-768x576.jpg 768w, https:\/\/sibylle-ritter.com\/wp-content\/uploads\/2019\/07\/IMG_7784-250x188.jpg 250w\" sizes=\"auto, (max-width: 148px) 100vw, 148px\" \/><br \/>Schulstra\u00dfe 6&nbsp; &#x2665;&nbsp; 72513 Inneringen<\/p>\n<p>Zu sehen und zu f\u00fchlen:<br \/>&nbsp;&nbsp;&nbsp;&nbsp;&nbsp;&nbsp;&nbsp;&nbsp;&nbsp;&nbsp;&nbsp;&nbsp;&nbsp;&nbsp;&nbsp;&nbsp;&nbsp;&nbsp;&nbsp;&nbsp;&nbsp;&nbsp;&nbsp;&nbsp;&nbsp;&nbsp;&nbsp;&nbsp;&nbsp;&nbsp;&nbsp;&nbsp;&nbsp;&nbsp;&nbsp;&nbsp;&nbsp;&nbsp; To see and feel:<br \/>&nbsp;&nbsp;&nbsp;&nbsp;&nbsp;&nbsp;&nbsp;&nbsp;&nbsp;&nbsp;&nbsp;&nbsp;&nbsp;&nbsp;&nbsp;&nbsp;&nbsp;&nbsp;&nbsp;&nbsp;&nbsp;&nbsp;&nbsp;&nbsp;&nbsp;&nbsp;&nbsp;&nbsp;&nbsp;&nbsp;&nbsp;&nbsp;&nbsp;&nbsp;&nbsp;&nbsp;&nbsp;&nbsp; \u00c0 regarder et \u00e0 toucher:<\/p>\n<p>\u2192 Architekturen in Ton<br \/>\u2192 Butterdosen &#8211; Fett unter der Haube&nbsp; =&nbsp; Grenzbereiche des N\u00fctzlichen<br \/>\u2192 Tischlein deck dich: Gedecke im Zeichen ausgefallener Einfachheit<\/p>\n<h2>&nbsp;<\/h2>\n<h2><span style=\"color: #800000;\">R\u00fcckblick<\/span><\/h2>\n<p><span style=\"color: #333333;\">Ab 15. September 2018 zeigte die<\/span><br \/><span style=\"color: #333333;\">Galerie AllerArt Kunst&amp;Werk in<\/span><br \/><span style=\"color: #333333;\">88633 Heiligenberg am Sennhof<\/span><\/p>\n<p style=\"text-align: justify;\"><span style=\"color: #333333;\">Keramische Arbeiten von Sibylle Ritter&nbsp;aus dem Jahr 2017<br \/><\/span><\/p>\n<p style=\"text-align: justify;\">Kunstprojekt an der Stadtkirche Schorndorf zu 500 Jahren Reformation<br \/><span style=\"color: #ff6600;\">SKULPTUREN 17<\/span><br \/><span style=\"color: #ff6600;\">&#8222;Da ist Freiheit! Oder: Au\u00dfer Thesen nichts gewesen?<br \/><\/span><span style=\"color: #ff6600;\">Kirche fragt Kunst&#8220;<br \/><\/span>1. April &nbsp;bis 10. November 2017, Stadtkirche Schorndorf<\/p>\n<p style=\"text-align: justify;\"><span style=\"color: #ff6600;\">Mein Beitrag zu diesem Projekt in Form einer LED-Laufleiste, die die Worte WIRWOLLENWUNDER ununterbrochen abspielte, hatte mit Keramik nichts zu tun, sondern f\u00fcgte sich ganz in die andere Seite meiner k\u00fcnstlerischen Arbeiten, von der die historisch zu nennende Seite&nbsp;<span style=\"color: #333333;\">http:\/\/www.sibylle-ritter.de &nbsp;&nbsp;<\/span>eine Vorstellung&nbsp;vermittelt.<br \/><\/span><\/p>\n<hr \/>\n<p><span style=\"color: #000000;\"><span style=\"color: #333333;\">KERAMIKMUSEUM WESTERWALD<\/span><br \/><span style=\"color: #333333;\"><em>Modern Classics<\/em><\/span><br \/><span style=\"color: #333333;\"><em>Fokus Gef\u00e4\u00df<\/em><\/span><br \/><\/span>Teilnahme an&nbsp;der&nbsp;Ausstellung zeitgen\u00f6ssischer Keramik<br \/>im Keramikmuseum Westerwald&nbsp;in H\u00f6hr-Grenzhausen<br \/>vom 23. 09. 2016 &#8211; 26.02. 2017 mit zwei Arbeiten.<br \/>Zur Ausstellung erschien ein Katalog<\/p>\n<hr \/>\n<p>Interview mit Sibylle Ritter, Zeitpunkt Magazin<\/p>\n<figure id=\"attachment_294\" aria-describedby=\"caption-attachment-294\" style=\"width: 350px\" class=\"wp-caption alignnone\"><a href=\"http:\/\/www.youtube.com\/watch?feature=player_detailpage&amp;v=YFUMP-fw-ko\" target=\"_blank\" rel=\"http:\/\/www.youtube.com\/watch?feature=player_detailpage&amp;v=yfump-fw-ko noopener noreferrer\"><img loading=\"lazy\" decoding=\"async\" class=\"wp-image-294 size-full\" src=\"https:\/\/sibylle-ritter.com\/wp-content\/uploads\/2013\/04\/Video-zeitpunktmagazin.jpg\" alt=\"Zeitpunkt Magazin, Interview mit Sybille Ritter\" width=\"350\" height=\"237\" srcset=\"https:\/\/sibylle-ritter.com\/wp-content\/uploads\/2013\/04\/Video-zeitpunktmagazin.jpg 350w, https:\/\/sibylle-ritter.com\/wp-content\/uploads\/2013\/04\/Video-zeitpunktmagazin-300x203.jpg 300w, https:\/\/sibylle-ritter.com\/wp-content\/uploads\/2013\/04\/Video-zeitpunktmagazin-250x169.jpg 250w\" sizes=\"auto, (max-width: 350px) 100vw, 350px\" \/><\/a><figcaption id=\"caption-attachment-294\" class=\"wp-caption-text\">Zeitpunkt Magazin, Interview mit Sybille Ritter<\/figcaption><\/figure>\n<p><a href=\"http:\/\/www.youtube.com\/watch?feature=player_detailpage&amp;v=YFUMP-fw-ko\" target=\"_blank\" rel=\"noopener noreferrer\">Video-URL &gt;&gt;<\/a><\/p>\n<p><a href=\"http:\/\/www.zeitpunkt-magazin.de\" target=\"_blank\" rel=\"noopener noreferrer\">www.zeitpunkt-magazin.de<\/a><\/p>\n<p>TWB-Medien, Berlin 2013<\/p>\n<p>&#8212;&#8212;&#8212;&#8212;&#8212;&#8212;&#8212;&#8212;&#8212;&#8212;&#8212;&#8212;&#8212;&#8212;&#8212;&#8212;&#8212;&#8212;&#8212;&#8212;&#8212;<\/p>\n<\/div>\n\n\n\n<p><\/p>\n","protected":false},"excerpt":{"rendered":"<p>Events 2026 Workshop Transferdruck auf Ton03. &#8211; 05.07.2026WERKGUT in MeezenHttps:\/\/www.werkgut.eu\/workshops PAST EVENTS 2025 GRASSIMESSE 24 &#8211; 26 Oktober 2025LEIPZIG Grassimuseum HANDGEWANDT 10 &#8211; 12 Oktober 2025Wasserschlosss Bad Rappenau Past events 2024 Presentation and introduction of TRISTAN AND ISOLDEOn the 22nd of december at 4 pm I invite you to come to TerreTouch\u00e9eI will introduce to [&hellip;]<\/p>\n","protected":false},"author":1,"featured_media":0,"parent":0,"menu_order":2,"comment_status":"closed","ping_status":"closed","template":"","meta":{"footnotes":""},"class_list":["post-32","page","type-page","status-publish","hentry"],"_links":{"self":[{"href":"https:\/\/sibylle-ritter.com\/index.php?rest_route=\/wp\/v2\/pages\/32","targetHints":{"allow":["GET"]}}],"collection":[{"href":"https:\/\/sibylle-ritter.com\/index.php?rest_route=\/wp\/v2\/pages"}],"about":[{"href":"https:\/\/sibylle-ritter.com\/index.php?rest_route=\/wp\/v2\/types\/page"}],"author":[{"embeddable":true,"href":"https:\/\/sibylle-ritter.com\/index.php?rest_route=\/wp\/v2\/users\/1"}],"replies":[{"embeddable":true,"href":"https:\/\/sibylle-ritter.com\/index.php?rest_route=%2Fwp%2Fv2%2Fcomments&post=32"}],"version-history":[{"count":372,"href":"https:\/\/sibylle-ritter.com\/index.php?rest_route=\/wp\/v2\/pages\/32\/revisions"}],"predecessor-version":[{"id":3653,"href":"https:\/\/sibylle-ritter.com\/index.php?rest_route=\/wp\/v2\/pages\/32\/revisions\/3653"}],"wp:attachment":[{"href":"https:\/\/sibylle-ritter.com\/index.php?rest_route=%2Fwp%2Fv2%2Fmedia&parent=32"}],"curies":[{"name":"wp","href":"https:\/\/api.w.org\/{rel}","templated":true}]}}